{"id":79,"date":"2009-12-01T22:47:12","date_gmt":"2009-12-01T21:47:12","guid":{"rendered":"http:\/\/www.jorf.se\/wordpress\/?page_id=79"},"modified":"2025-03-28T19:55:29","modified_gmt":"2025-03-28T18:55:29","slug":"gastbok","status":"publish","type":"page","link":"https:\/\/www.jorf.se\/?page_id=79","title":{"rendered":"F\u00e5gelrapporter"},"content":{"rendered":"<h3>F\u00e5gelrapporter per \u00e5r<\/h3>\n<p>Summering av inrapporterade observationer i J\u00e4mtlands l\u00e4n under \u00e5ret.<\/p>\n<p><a href=\"http:\/\/www.jorf.se\/wp-content\/uploads\/2019\/05\/F\u00e5gelrapport-J\u00e4mtland-2017.pdf\">2017<\/a> | <a href=\"http:\/\/www.jorf.se\/wp-content\/uploads\/2019\/05\/F\u00e5gelrapport-J\u00e4mtland-2018.pdf\">2018<\/a><\/p>\n<h3>J\u00e4mtlands l\u00e4ns regionala rapportkommitt\u00e9 ( Rrk )<\/h3>\n<p style=\"line-height: 1.5em; margin: 0.4em 0px 0.5em 0px;\">I arbetet med att f\u00f6rb\u00e4ttra kunskaperna om f\u00e5gellivet i J\u00e4mtlands l\u00e4n \u00e4r rapporter fr\u00e5n allm\u00e4nheten om ornitologiska iakttagelser av mycket stort v\u00e4rde. Inkomna rapporter tas omhand och bearbetas av rapportkommitt\u00e9erna inom J\u00e4mtlands l\u00e4ns Ornitologiska F\u00f6rening (JORF). Rapportmaterialet sammanst\u00e4lls \u00e5rligen och skickas till Sveriges Ornitologiska F\u00f6rening (SOF), f\u00f6r vidare bearbetning i SOF:s \u00e5rsbok \u201dF\u00e5gel\u00e5ret\u201d.<\/p>\n<p><strong>Rapportkommitt\u00e9\u00a0 f\u00f6r J\u00e4mtland: <\/strong><\/p>\n<p>Daniel Hedenbo (kontaktperson), Johan R\u00e5ghall, Christer P\u00e5lsson, Trond S\u00f8rhuus, Pontus Wennesj\u00f6, Sixten Lindblom och Kim Woxl\u00e4gd.<\/p>\n<p><strong>Rapportkommitt\u00e9<\/strong><strong> f\u00f6r H\u00e4rjedalen:<\/strong><\/p>\n<p>Bo Johnsson, Bj\u00f6rn Lundgren och Per \u00c5sberg.<\/p>\n<p style=\"line-height: 1.5em; margin: 0.4em 0px 0.5em 0px;\"><strong>Vart ska dina f\u00e5gelrapporter skickas?<\/strong><\/p>\n<ul style=\"line-height: 1.5em; list-style-type: square; list-style-image: url('http:\/\/jorf.se\/wiki\/skins\/monobook\/bullet.gif'); padding: 0px; margin: 0.3em 0px 0px 1.5em;\">\n<li style=\"list-style-type: none;\">\n<ul style=\"line-height: 1.5em; list-style-type: square; list-style-image: url('http:\/\/jorf.se\/wiki\/skins\/monobook\/bullet.gif'); padding: 0px; margin: 0.3em 0px 0px 1.5em;\">\n<li style=\"margin-bottom: 0.1em;\">Rapportera helst <strong>alla<\/strong> f\u00e5gelobservationer s\u00e5 exakt som m\u00f6jligt p\u00e5\u00a0<a href=\"https:\/\/www.artportalen.se\/\">artportalen.se<\/a><\/li>\n<\/ul>\n<\/li>\n<\/ul>\n<ul style=\"line-height: 1.5em; list-style-type: square; list-style-image: url('http:\/\/jorf.se\/wiki\/skins\/monobook\/bullet.gif'); padding: 0px; margin: 0.3em 0px 0px 1.5em;\">\n<li style=\"margin-bottom: 0.1em;\">Om du hellre rapporterar via e-post, skicka d\u00e5 din rapport till rapportkommitt\u00e9ns rapportmottagare:<\/li>\n<\/ul>\n<p><strong>Landskapet J\u00e4mtland<\/strong>: Daniel Hedenbo. Telefon: 070 365 72 62\u00a0 E-post: daniel.hedenbo (at) telia.com<\/p>\n<p><strong>Landskapet H\u00e4rjedalen<\/strong>: Bo Johnsson Telefon: 070-524 65 08 \u00a0E-post:\u00a0 bojohnsson7 (at) gmail.com<\/p>\n<p><strong>Berguv i J\u00e4mtland och H\u00e4rjedalen:\u00a0<\/strong>Johan R\u00e5ghall. Telefon: 073 044 98 86\u00a0 E-post: johan.raghall (at) gmail.com<\/p>\n<p><strong>Jaktfalkobservationer<\/strong>, b\u00e5de gamla och nya, rapporteras till <strong>Projekt Jaktfalk<\/strong>, Ulla Falkdalen, Fr\u00f6s\u00f6-Berge 110, 832 96 FR\u00d6S\u00d6N. Mobil: 073 820 00 44 \u00a0E-post: gyrfalco (at) gmail.com<\/p>\n<ul style=\"line-height: 1.5em; list-style-type: square; list-style-image: url('http:\/\/jorf.se\/wiki\/skins\/monobook\/bullet.gif'); padding: 0px; margin: 0.3em 0px 0px 1.5em;\">\n<li style=\"margin-bottom: 0.1em;\">Dubbelrapportera g\u00e4rna dina observationer i g\u00e4stboken eller i v\u00e5r facebook-grupp, men utel\u00e4mna f\u00f6rst\u00e5s d\u00e4r k\u00e4nsliga arters h\u00e4ckningsplatser.<\/li>\n<\/ul>\n<p style=\"line-height: 1.5em; margin: 0.4em 0px 0.5em 0px;\">N\u00e4r ska rapporten skickas in?<\/p>\n<ul style=\"line-height: 1.5em; list-style-type: square; list-style-image: url('http:\/\/jorf.se\/wiki\/skins\/monobook\/bullet.gif'); padding: 0px; margin: 0.3em 0px 0px 1.5em;\">\n<li style=\"margin-bottom: 0.1em;\">Rapportera via Internet s\u00e5 fort som m\u00f6jligt. Om du rapporterar via e-post kan det vara l\u00e4mpligt att spara ihop n\u00e5gra m\u00e5naders observationer. JORF vill dock ha in v\u00e5rens och sommarens observationer senast den 31 oktober samma \u00e5r f\u00f6r att hinna g\u00f6ra en sammanst\u00e4llning f\u00f6r publicering under v\u00e5ren \u00e5ret efter.<\/li>\n<\/ul>\n","protected":false},"excerpt":{"rendered":"<p>F\u00e5gelrapporter per \u00e5r Summering av inrapporterade observationer i J\u00e4mtlands l\u00e4n under \u00e5ret. 2017 | 2018 J\u00e4mtlands l\u00e4ns regionala rapportkommitt\u00e9 ( Rrk ) I arbetet med att f\u00f6rb\u00e4ttra kunskaperna om f\u00e5gellivet i J\u00e4mtlands l\u00e4n \u00e4r rapporter fr\u00e5n allm\u00e4nheten om ornitologiska iakttagelser av mycket stort v\u00e4rde. Inkomna rapporter tas omhand och bearbetas av rapportkommitt\u00e9erna inom J\u00e4mtlands l\u00e4ns [&hellip;]<\/p>\n","protected":false},"author":1,"featured_media":0,"parent":0,"menu_order":50,"comment_status":"closed","ping_status":"open","template":"","meta":{"footnotes":""},"_links":{"self":[{"href":"https:\/\/www.jorf.se\/index.php?rest_route=\/wp\/v2\/pages\/79"}],"collection":[{"href":"https:\/\/www.jorf.se\/index.php?rest_route=\/wp\/v2\/pages"}],"about":[{"href":"https:\/\/www.jorf.se\/index.php?rest_route=\/wp\/v2\/types\/page"}],"author":[{"embeddable":true,"href":"https:\/\/www.jorf.se\/index.php?rest_route=\/wp\/v2\/users\/1"}],"replies":[{"embeddable":true,"href":"https:\/\/www.jorf.se\/index.php?rest_route=%2Fwp%2Fv2%2Fcomments&post=79"}],"version-history":[{"count":38,"href":"https:\/\/www.jorf.se\/index.php?rest_route=\/wp\/v2\/pages\/79\/revisions"}],"predecessor-version":[{"id":4268,"href":"https:\/\/www.jorf.se\/index.php?rest_route=\/wp\/v2\/pages\/79\/revisions\/4268"}],"wp:attachment":[{"href":"https:\/\/www.jorf.se\/index.php?rest_route=%2Fwp%2Fv2%2Fmedia&parent=79"}],"curies":[{"name":"wp","href":"https:\/\/api.w.org\/{rel}","templated":true}]}}